{"id":1956,"date":"2023-01-24T17:43:56","date_gmt":"2023-01-24T17:43:56","guid":{"rendered":"https:\/\/ton.connectingminds.net\/product\/vlaanderen-2002-ie-shirt-voorkant\/"},"modified":"2026-01-28T12:04:02","modified_gmt":"2026-01-28T11:04:02","slug":"flandre-2002-ie-devant-de-chemise","status":"publish","type":"product","link":"https:\/\/www.tonmerckxwielershirts.nl\/fr\/retro-wielershirt\/vlaanderen-2002-ie-shirt-voorkant\/","title":{"rendered":"FLANDRE 2002 (a)-T INTERIM 1994 1ER MAILLOT 1994 MAILLOT DE CYCLISME"},"content":{"rendered":"<p>FLANDRE 2002 est un projet du gouvernement flamand, dirig\u00e9 par Luc vd Brande, visant \u00e0 r\u00e9former l&#039;\u00c9tat en 2002 sur tous les fronts, y compris la culture et le sport.<\/p>\n<p>L&#039;ann\u00e9e 2002 a \u00e9t\u00e9 choisie parce que 2002 marquait le 700e anniversaire de la bataille des Golden Spurs et aussi parce qu&#039;en 2002 de nombreux pays europ\u00e9ens ont adopt\u00e9 l&#039;EURO comme nouveau moyen de paiement.<\/p>\n<p>L&#039;ensemble du projet a \u00e9t\u00e9 annul\u00e9 en 2000 car il ne s\u00e9duisait pas la population flamande.<\/p>","protected":false},"excerpt":{"rendered":"<p>VLAANDEREN 2002 is een project van de Vlaamse overheid olv Luc vd Brande, om in 2002 een staatshervorming te bewerkstellen op allerlei fronten waaronder cultuur en sport. 2002 werd gekozen ivm het feit dat het in 2002 700 jaar geleden was dat de Guldensporenslag plaatsvond en ook omdat in 2002 veel europese landen overgingen naar [&hellip;]<\/p>\n","protected":false},"featured_media":1955,"template":"","meta":[],"product_brand":[],"product_cat":[151],"product_tag":[],"class_list":{"0":"post-1956","1":"product","2":"type-product","3":"status-publish","4":"has-post-thumbnail","6":"product_cat-pro-team","8":"first","9":"onbackorder","10":"taxable","11":"shipping-taxable","12":"purchasable","13":"product-type-variable"},"yoast_head":"<!-- This site is optimized with the Yoast SEO plugin v27.5 - https:\/\/yoast.com\/product\/yoast-seo-wordpress\/ -->\n<title>VLAANDEREN 2002 (a)-T INTERIM  1994 1E SHIRT  1994     WIELERSHIRT - Ton Merckx Wielershirts - Rondreis door de wereld van wielershirts<\/title>\n<meta name=\"robots\" content=\"index, follow, max-snippet:-1, max-image-preview:large, max-video-preview:-1\" \/>\n<link rel=\"canonical\" href=\"https:\/\/www.tonmerckxwielershirts.nl\/fr\/maillot-de-cyclisme-retro\/flandre-2002-ie-devant-de-chemise\/\" \/>\n<meta property=\"og:locale\" content=\"fr_FR\" \/>\n<meta property=\"og:type\" content=\"article\" \/>\n<meta property=\"og:title\" content=\"VLAANDEREN 2002 (a)-T INTERIM  1994 1E SHIRT  1994     WIELERSHIRT - Ton Merckx Wielershirts - Rondreis door de wereld van wielershirts\" \/>\n<meta property=\"og:description\" content=\"VLAANDEREN 2002 is een project van de Vlaamse overheid olv Luc vd Brande, om in 2002 een staatshervorming te bewerkstellen op allerlei fronten waaronder cultuur en sport. 2002 werd gekozen ivm het feit dat het in 2002 700 jaar geleden was dat de Guldensporenslag plaatsvond en ook omdat in 2002 veel europese landen overgingen naar [&hellip;]\" \/>\n<meta property=\"og:url\" content=\"https:\/\/www.tonmerckxwielershirts.nl\/fr\/maillot-de-cyclisme-retro\/flandre-2002-ie-devant-de-chemise\/\" \/>\n<meta property=\"og:site_name\" content=\"Ton Merckx Wielershirts - Rondreis door de wereld van wielershirts\" \/>\n<meta property=\"article:modified_time\" content=\"2026-01-28T11:04:02+00:00\" \/>\n<meta property=\"og:image\" content=\"https:\/\/www.tonmerckxwielershirts.nl\/wp-content\/uploads\/2023\/01\/SSA43197.jpg\" \/>\n\t<meta property=\"og:image:width\" content=\"1704\" \/>\n\t<meta property=\"og:image:height\" content=\"2272\" \/>\n\t<meta property=\"og:image:type\" content=\"image\/jpeg\" \/>\n<meta name=\"twitter:card\" content=\"summary_large_image\" \/>\n<meta name=\"twitter:label1\" content=\"Dur\u00e9e de lecture estim\u00e9e\" \/>\n\t<meta name=\"twitter:data1\" content=\"1 minute\" \/>\n<script type=\"application\/ld+json\" class=\"yoast-schema-graph\">{\"@context\":\"https:\\\/\\\/schema.org\",\"@graph\":[{\"@type\":\"WebPage\",\"@id\":\"https:\\\/\\\/www.tonmerckxwielershirts.nl\\\/it\\\/retro-wielershirt\\\/vlaanderen-2002-ie-shirt-voorkant\\\/\",\"url\":\"https:\\\/\\\/www.tonmerckxwielershirts.nl\\\/it\\\/retro-wielershirt\\\/vlaanderen-2002-ie-shirt-voorkant\\\/\",\"name\":\"VLAANDEREN 2002 (a)-T INTERIM 1994 1E SHIRT 1994 WIELERSHIRT - Ton Merckx Wielershirts - Rondreis door de wereld van wielershirts\",\"isPartOf\":{\"@id\":\"https:\\\/\\\/www.tonmerckxwielershirts.nl\\\/es\\\/#website\"},\"primaryImageOfPage\":{\"@id\":\"https:\\\/\\\/www.tonmerckxwielershirts.nl\\\/it\\\/retro-wielershirt\\\/vlaanderen-2002-ie-shirt-voorkant\\\/#primaryimage\"},\"image\":{\"@id\":\"https:\\\/\\\/www.tonmerckxwielershirts.nl\\\/it\\\/retro-wielershirt\\\/vlaanderen-2002-ie-shirt-voorkant\\\/#primaryimage\"},\"thumbnailUrl\":\"https:\\\/\\\/www.tonmerckxwielershirts.nl\\\/wp-content\\\/uploads\\\/2023\\\/01\\\/SSA43197.jpg\",\"datePublished\":\"2023-01-24T17:43:56+00:00\",\"dateModified\":\"2026-01-28T11:04:02+00:00\",\"breadcrumb\":{\"@id\":\"https:\\\/\\\/www.tonmerckxwielershirts.nl\\\/it\\\/retro-wielershirt\\\/vlaanderen-2002-ie-shirt-voorkant\\\/#breadcrumb\"},\"inLanguage\":\"fr-FR\",\"potentialAction\":[{\"@type\":\"ReadAction\",\"target\":[\"https:\\\/\\\/www.tonmerckxwielershirts.nl\\\/it\\\/retro-wielershirt\\\/vlaanderen-2002-ie-shirt-voorkant\\\/\"]}]},{\"@type\":\"ImageObject\",\"inLanguage\":\"fr-FR\",\"@id\":\"https:\\\/\\\/www.tonmerckxwielershirts.nl\\\/it\\\/retro-wielershirt\\\/vlaanderen-2002-ie-shirt-voorkant\\\/#primaryimage\",\"url\":\"https:\\\/\\\/www.tonmerckxwielershirts.nl\\\/wp-content\\\/uploads\\\/2023\\\/01\\\/SSA43197.jpg\",\"contentUrl\":\"https:\\\/\\\/www.tonmerckxwielershirts.nl\\\/wp-content\\\/uploads\\\/2023\\\/01\\\/SSA43197.jpg\",\"width\":1704,\"height\":2272},{\"@type\":\"BreadcrumbList\",\"@id\":\"https:\\\/\\\/www.tonmerckxwielershirts.nl\\\/it\\\/retro-wielershirt\\\/vlaanderen-2002-ie-shirt-voorkant\\\/#breadcrumb\",\"itemListElement\":[{\"@type\":\"ListItem\",\"position\":1,\"name\":\"Home\",\"item\":\"https:\\\/\\\/www.tonmerckxwielershirts.nl\\\/es\\\/\"},{\"@type\":\"ListItem\",\"position\":2,\"name\":\"Retro wielershirts\",\"item\":\"https:\\\/\\\/www.tonmerckxwielershirts.nl\\\/es\\\/camisetas-de-ciclismo-retro\\\/\"},{\"@type\":\"ListItem\",\"position\":3,\"name\":\"VLAANDEREN 2002 (a)-T INTERIM 1994 1E SHIRT 1994 WIELERSHIRT\"}]},{\"@type\":\"WebSite\",\"@id\":\"https:\\\/\\\/www.tonmerckxwielershirts.nl\\\/es\\\/#website\",\"url\":\"https:\\\/\\\/www.tonmerckxwielershirts.nl\\\/es\\\/\",\"name\":\"Ton Merckx Wielershirts - Rondreis door de wereld van wielershirts\",\"description\":\"thousands of original cycling jerseys - order your replica!\",\"publisher\":{\"@id\":\"https:\\\/\\\/www.tonmerckxwielershirts.nl\\\/es\\\/#organization\"},\"potentialAction\":[{\"@type\":\"SearchAction\",\"target\":{\"@type\":\"EntryPoint\",\"urlTemplate\":\"https:\\\/\\\/www.tonmerckxwielershirts.nl\\\/es\\\/?s={search_term_string}\"},\"query-input\":{\"@type\":\"PropertyValueSpecification\",\"valueRequired\":true,\"valueName\":\"search_term_string\"}}],\"inLanguage\":\"fr-FR\"},{\"@type\":\"Organization\",\"@id\":\"https:\\\/\\\/www.tonmerckxwielershirts.nl\\\/es\\\/#organization\",\"name\":\"Ton Merckx Wielershirts - Rondreis door de wereld van wielershirts\",\"url\":\"https:\\\/\\\/www.tonmerckxwielershirts.nl\\\/es\\\/\",\"logo\":{\"@type\":\"ImageObject\",\"inLanguage\":\"fr-FR\",\"@id\":\"https:\\\/\\\/www.tonmerckxwielershirts.nl\\\/es\\\/#\\\/schema\\\/logo\\\/image\\\/\",\"url\":\"https:\\\/\\\/www.tonmerckxwielershirts.nl\\\/wp-content\\\/uploads\\\/2023\\\/03\\\/ton-merckx-logo.jpg\",\"contentUrl\":\"https:\\\/\\\/www.tonmerckxwielershirts.nl\\\/wp-content\\\/uploads\\\/2023\\\/03\\\/ton-merckx-logo.jpg\",\"width\":391,\"height\":57,\"caption\":\"Ton Merckx Wielershirts - Rondreis door de wereld van wielershirts\"},\"image\":{\"@id\":\"https:\\\/\\\/www.tonmerckxwielershirts.nl\\\/es\\\/#\\\/schema\\\/logo\\\/image\\\/\"}}]}<\/script>\n<!-- \/ Yoast SEO plugin. -->","yoast_head_json":{"title":"FLANDRE 2002 (a)-T INTERIM 1994 1ER MAILLOT 1994 CYCLISME CHEMISE - Ton Merckx Chemises de cyclisme - Tour \u00e0 travers le monde des chemises de cyclisme","robots":{"index":"index","follow":"follow","max-snippet":"max-snippet:-1","max-image-preview":"max-image-preview:large","max-video-preview":"max-video-preview:-1"},"canonical":"https:\/\/www.tonmerckxwielershirts.nl\/fr\/maillot-de-cyclisme-retro\/flandre-2002-ie-devant-de-chemise\/","og_locale":"fr_FR","og_type":"article","og_title":"VLAANDEREN 2002 (a)-T INTERIM  1994 1E SHIRT  1994     WIELERSHIRT - Ton Merckx Wielershirts - Rondreis door de wereld van wielershirts","og_description":"VLAANDEREN 2002 is een project van de Vlaamse overheid olv Luc vd Brande, om in 2002 een staatshervorming te bewerkstellen op allerlei fronten waaronder cultuur en sport. 2002 werd gekozen ivm het feit dat het in 2002 700 jaar geleden was dat de Guldensporenslag plaatsvond en ook omdat in 2002 veel europese landen overgingen naar [&hellip;]","og_url":"https:\/\/www.tonmerckxwielershirts.nl\/fr\/maillot-de-cyclisme-retro\/flandre-2002-ie-devant-de-chemise\/","og_site_name":"Ton Merckx Wielershirts - Rondreis door de wereld van wielershirts","article_modified_time":"2026-01-28T11:04:02+00:00","og_image":[{"width":1704,"height":2272,"url":"https:\/\/www.tonmerckxwielershirts.nl\/wp-content\/uploads\/2023\/01\/SSA43197.jpg","type":"image\/jpeg"}],"twitter_card":"summary_large_image","twitter_misc":{"Dur\u00e9e de lecture estim\u00e9e":"1 minute"},"schema":{"@context":"https:\/\/schema.org","@graph":[{"@type":"WebPage","@id":"https:\/\/www.tonmerckxwielershirts.nl\/it\/retro-wielershirt\/vlaanderen-2002-ie-shirt-voorkant\/","url":"https:\/\/www.tonmerckxwielershirts.nl\/it\/retro-wielershirt\/vlaanderen-2002-ie-shirt-voorkant\/","name":"FLANDRE 2002 (a)-T INTERIM 1994 1ER MAILLOT 1994 CYCLISME CHEMISE - Ton Merckx Chemises de cyclisme - Tour \u00e0 travers le monde des chemises de cyclisme","isPartOf":{"@id":"https:\/\/www.tonmerckxwielershirts.nl\/es\/#website"},"primaryImageOfPage":{"@id":"https:\/\/www.tonmerckxwielershirts.nl\/it\/retro-wielershirt\/vlaanderen-2002-ie-shirt-voorkant\/#primaryimage"},"image":{"@id":"https:\/\/www.tonmerckxwielershirts.nl\/it\/retro-wielershirt\/vlaanderen-2002-ie-shirt-voorkant\/#primaryimage"},"thumbnailUrl":"https:\/\/www.tonmerckxwielershirts.nl\/wp-content\/uploads\/2023\/01\/SSA43197.jpg","datePublished":"2023-01-24T17:43:56+00:00","dateModified":"2026-01-28T11:04:02+00:00","breadcrumb":{"@id":"https:\/\/www.tonmerckxwielershirts.nl\/it\/retro-wielershirt\/vlaanderen-2002-ie-shirt-voorkant\/#breadcrumb"},"inLanguage":"fr-FR","potentialAction":[{"@type":"ReadAction","target":["https:\/\/www.tonmerckxwielershirts.nl\/it\/retro-wielershirt\/vlaanderen-2002-ie-shirt-voorkant\/"]}]},{"@type":"ImageObject","inLanguage":"fr-FR","@id":"https:\/\/www.tonmerckxwielershirts.nl\/it\/retro-wielershirt\/vlaanderen-2002-ie-shirt-voorkant\/#primaryimage","url":"https:\/\/www.tonmerckxwielershirts.nl\/wp-content\/uploads\/2023\/01\/SSA43197.jpg","contentUrl":"https:\/\/www.tonmerckxwielershirts.nl\/wp-content\/uploads\/2023\/01\/SSA43197.jpg","width":1704,"height":2272},{"@type":"BreadcrumbList","@id":"https:\/\/www.tonmerckxwielershirts.nl\/it\/retro-wielershirt\/vlaanderen-2002-ie-shirt-voorkant\/#breadcrumb","itemListElement":[{"@type":"ListItem","position":1,"name":"Home","item":"https:\/\/www.tonmerckxwielershirts.nl\/es\/"},{"@type":"ListItem","position":2,"name":"Retro wielershirts","item":"https:\/\/www.tonmerckxwielershirts.nl\/es\/camisetas-de-ciclismo-retro\/"},{"@type":"ListItem","position":3,"name":"VLAANDEREN 2002 (a)-T INTERIM 1994 1E SHIRT 1994 WIELERSHIRT"}]},{"@type":"WebSite","@id":"https:\/\/www.tonmerckxwielershirts.nl\/es\/#website","url":"https:\/\/www.tonmerckxwielershirts.nl\/es\/","name":"Chemises de cyclisme Ton Merckx - Tour \u00e0 travers le monde des chemises de cyclisme","description":"des milliers de maillots de cyclisme originaux - commandez votre r\u00e9plique !","publisher":{"@id":"https:\/\/www.tonmerckxwielershirts.nl\/es\/#organization"},"potentialAction":[{"@type":"SearchAction","target":{"@type":"EntryPoint","urlTemplate":"https:\/\/www.tonmerckxwielershirts.nl\/es\/?s={search_term_string}"},"query-input":{"@type":"PropertyValueSpecification","valueRequired":true,"valueName":"search_term_string"}}],"inLanguage":"fr-FR"},{"@type":"Organization","@id":"https:\/\/www.tonmerckxwielershirts.nl\/es\/#organization","name":"Chemises de cyclisme Ton Merckx - Tour \u00e0 travers le monde des chemises de cyclisme","url":"https:\/\/www.tonmerckxwielershirts.nl\/es\/","logo":{"@type":"ImageObject","inLanguage":"fr-FR","@id":"https:\/\/www.tonmerckxwielershirts.nl\/es\/#\/schema\/logo\/image\/","url":"https:\/\/www.tonmerckxwielershirts.nl\/wp-content\/uploads\/2023\/03\/ton-merckx-logo.jpg","contentUrl":"https:\/\/www.tonmerckxwielershirts.nl\/wp-content\/uploads\/2023\/03\/ton-merckx-logo.jpg","width":391,"height":57,"caption":"Ton Merckx Wielershirts - Rondreis door de wereld van wielershirts"},"image":{"@id":"https:\/\/www.tonmerckxwielershirts.nl\/es\/#\/schema\/logo\/image\/"}}]}},"_links":{"self":[{"href":"https:\/\/www.tonmerckxwielershirts.nl\/fr\/wp-json\/wp\/v2\/product\/1956","targetHints":{"allow":["GET"]}}],"collection":[{"href":"https:\/\/www.tonmerckxwielershirts.nl\/fr\/wp-json\/wp\/v2\/product"}],"about":[{"href":"https:\/\/www.tonmerckxwielershirts.nl\/fr\/wp-json\/wp\/v2\/types\/product"}],"wp:featuredmedia":[{"embeddable":true,"href":"https:\/\/www.tonmerckxwielershirts.nl\/fr\/wp-json\/wp\/v2\/media\/1955"}],"wp:attachment":[{"href":"https:\/\/www.tonmerckxwielershirts.nl\/fr\/wp-json\/wp\/v2\/media?parent=1956"}],"wp:term":[{"taxonomy":"product_brand","embeddable":true,"href":"https:\/\/www.tonmerckxwielershirts.nl\/fr\/wp-json\/wp\/v2\/product_brand?post=1956"},{"taxonomy":"product_cat","embeddable":true,"href":"https:\/\/www.tonmerckxwielershirts.nl\/fr\/wp-json\/wp\/v2\/product_cat?post=1956"},{"taxonomy":"product_tag","embeddable":true,"href":"https:\/\/www.tonmerckxwielershirts.nl\/fr\/wp-json\/wp\/v2\/product_tag?post=1956"}],"curies":[{"name":"wp","href":"https:\/\/api.w.org\/{rel}","templated":true}]}}